{"id":12121,"date":"2024-10-24T14:59:55","date_gmt":"2024-10-24T12:59:55","guid":{"rendered":"https:\/\/gymnasium-nordenham.de\/?page_id=12121"},"modified":"2026-01-29T14:49:04","modified_gmt":"2026-01-29T13:49:04","slug":"ag-ubersicht-geselschaftlicher-bereich","status":"publish","type":"page","link":"https:\/\/gymnasium-nordenham.de\/en\/ag-ubersicht-geselschaftlicher-bereich","title":{"rendered":"AG-\u00dcbersicht Gesellschaftlicher Bereich"},"content":{"rendered":"<div data-elementor-type=\"wp-page\" data-elementor-id=\"12121\" class=\"elementor elementor-12121\" data-elementor-post-type=\"page\">\n\t\t\t\t\t\t<section class=\"elementor-section elementor-top-section elementor-element elementor-element-5257c4b elementor-section-full_width elementor-section-height-default elementor-section-height-default\" data-id=\"5257c4b\" data-element_type=\"section\" data-e-type=\"section\">\n\t\t\t\t\t\t<div class=\"elementor-container elementor-column-gap-default\">\n\t\t\t\t\t<div class=\"elementor-column elementor-col-100 elementor-top-column elementor-element elementor-element-929ce8f\" data-id=\"929ce8f\" data-element_type=\"column\" data-e-type=\"column\" data-settings=\"{&quot;background_background&quot;:&quot;classic&quot;}\">\n\t\t\t<div class=\"elementor-widget-wrap elementor-element-populated\">\n\t\t\t\t\t\t<div class=\"elementor-element elementor-element-de78d44 elementor-widget elementor-widget-heading\" data-id=\"de78d44\" data-element_type=\"widget\" data-e-type=\"widget\" data-widget_type=\"heading.default\">\n\t\t\t\t<div class=\"elementor-widget-container\">\n\t\t\t\t\t<h2 class=\"elementor-heading-title elementor-size-large\">AGs<\/h2>\t\t\t\t<\/div>\n\t\t\t\t<\/div>\n\t\t\t\t\t<\/div>\n\t\t<\/div>\n\t\t\t\t\t<\/div>\n\t\t<\/section>\n\t\t\t\t<section class=\"elementor-section elementor-top-section elementor-element elementor-element-9215942 elementor-section-full_width elementor-section-height-default elementor-section-height-default\" data-id=\"9215942\" data-element_type=\"section\" data-e-type=\"section\">\n\t\t\t\t\t\t<div class=\"elementor-container elementor-column-gap-default\">\n\t\t\t\t\t<div class=\"elementor-column elementor-col-66 elementor-top-column elementor-element elementor-element-bc4bb8e\" data-id=\"bc4bb8e\" data-element_type=\"column\" data-e-type=\"column\">\n\t\t\t<div class=\"elementor-widget-wrap elementor-element-populated\">\n\t\t\t\t\t\t<div class=\"elementor-element elementor-element-e742a12 elementor-widget elementor-widget-text-editor\" data-id=\"e742a12\" data-element_type=\"widget\" data-e-type=\"widget\" data-widget_type=\"text-editor.default\">\n\t\t\t\t<div class=\"elementor-widget-container\">\n\t\t\t\t\t\t\t\t\t<p style=\"text-align: justify;\"><span style=\"font-family: georgia, palatino, serif; font-size: 12pt;\">Die aktuelle \u00dcbersicht der Arbeitsgruppen (AGs) finden Sie unten. Weitere Informationen zu den Inhalten und Terminen erhalten Sie, indem Sie auf die jeweiligen Bereiche klicken.<\/span><\/p>\t\t\t\t\t\t\t\t<\/div>\n\t\t\t\t<\/div>\n\t\t\t\t<div class=\"elementor-element elementor-element-d6dd9cf elementor-widget elementor-widget-heading\" data-id=\"d6dd9cf\" data-element_type=\"widget\" data-e-type=\"widget\" data-widget_type=\"heading.default\">\n\t\t\t\t<div class=\"elementor-widget-container\">\n\t\t\t\t\t<h2 class=\"elementor-heading-title elementor-size-default\">Unsere f\u00fcnf Themenbereiche<\/h2>\t\t\t\t<\/div>\n\t\t\t\t<\/div>\n\t\t\t\t<section class=\"elementor-section elementor-inner-section elementor-element elementor-element-c20bb26 elementor-section-full_width elementor-section-height-default elementor-section-height-default\" data-id=\"c20bb26\" data-element_type=\"section\" data-e-type=\"section\">\n\t\t\t\t\t\t<div class=\"elementor-container elementor-column-gap-default\">\n\t\t\t\t\t<div class=\"elementor-column elementor-col-20 elementor-inner-column elementor-element elementor-element-c986c1a\" data-id=\"c986c1a\" data-element_type=\"column\" data-e-type=\"column\">\n\t\t\t<div class=\"elementor-widget-wrap elementor-element-populated\">\n\t\t\t\t\t\t<div class=\"elementor-element elementor-element-431e2eb elementor-widget elementor-widget-image\" data-id=\"431e2eb\" data-element_type=\"widget\" data-e-type=\"widget\" data-widget_type=\"image.default\">\n\t\t\t\t<div class=\"elementor-widget-container\">\n\t\t\t\t\t\t\t\t\t\t\t\t<figure class=\"wp-caption\">\n\t\t\t\t\t\t\t\t\t\t\t<a href=\"https:\/\/gymnasium-nordenham.de\/en\/ag-ubersicht-geselschaftlicher-bereich\/\">\n\t\t\t\t\t\t\t<img decoding=\"async\" src=\"https:\/\/gymnasium-nordenham.de\/wp-content\/uploads\/elementor\/thumbs\/IMG_20240926_143548-scaled-quodyje73z9tp0foglkjufc2cyl1xfxs36ccx6v5gc.jpg\" title=\"IMG_20240926_143548\" alt=\"IMG_20240926_143548\" loading=\"lazy\" \/>\t\t\t\t\t\t\t\t<\/a>\n\t\t\t\t\t\t\t\t\t\t\t<figcaption class=\"widget-image-caption wp-caption-text\">Gesellschaft- licher Bereich<\/figcaption>\n\t\t\t\t\t\t\t\t\t\t<\/figure>\n\t\t\t\t\t\t\t\t\t<\/div>\n\t\t\t\t<\/div>\n\t\t\t\t\t<\/div>\n\t\t<\/div>\n\t\t\t\t<div class=\"elementor-column elementor-col-20 elementor-inner-column elementor-element elementor-element-a067236\" data-id=\"a067236\" data-element_type=\"column\" data-e-type=\"column\">\n\t\t\t<div class=\"elementor-widget-wrap elementor-element-populated\">\n\t\t\t\t\t\t<div class=\"elementor-element elementor-element-be542f3 elementor-widget elementor-widget-image\" data-id=\"be542f3\" data-element_type=\"widget\" data-e-type=\"widget\" data-widget_type=\"image.default\">\n\t\t\t\t<div class=\"elementor-widget-container\">\n\t\t\t\t\t\t\t\t\t\t\t\t<figure class=\"wp-caption\">\n\t\t\t\t\t\t\t\t\t\t\t<a href=\"https:\/\/gymnasium-nordenham.de\/en\/ag-ubersicht-mathematisch-naturwissenschaftlicher-bereich\/\">\n\t\t\t\t\t\t\t<img decoding=\"async\" width=\"150\" height=\"150\" src=\"https:\/\/gymnasium-nordenham.de\/wp-content\/uploads\/2024\/09\/IMG_20240912_142757-150x150.jpg\" class=\"attachment-thumbnail size-thumbnail wp-image-12087\" alt=\"\" srcset=\"https:\/\/gymnasium-nordenham.de\/wp-content\/uploads\/2024\/09\/IMG_20240912_142757-150x150.jpg 150w, https:\/\/gymnasium-nordenham.de\/wp-content\/uploads\/2024\/09\/IMG_20240912_142757-144x144.jpg 144w\" sizes=\"(max-width: 150px) 100vw, 150px\" \/>\t\t\t\t\t\t\t\t<\/a>\n\t\t\t\t\t\t\t\t\t\t\t<figcaption class=\"widget-image-caption wp-caption-text\">Mathematisch-naturwissen-schaftlicher Bereich <\/figcaption>\n\t\t\t\t\t\t\t\t\t\t<\/figure>\n\t\t\t\t\t\t\t\t\t<\/div>\n\t\t\t\t<\/div>\n\t\t\t\t\t<\/div>\n\t\t<\/div>\n\t\t\t\t<div class=\"elementor-column elementor-col-20 elementor-inner-column elementor-element elementor-element-ed0a2e5\" data-id=\"ed0a2e5\" data-element_type=\"column\" data-e-type=\"column\">\n\t\t\t<div class=\"elementor-widget-wrap elementor-element-populated\">\n\t\t\t\t\t\t<div class=\"elementor-element elementor-element-9751454 elementor-widget elementor-widget-image\" data-id=\"9751454\" data-element_type=\"widget\" data-e-type=\"widget\" data-widget_type=\"image.default\">\n\t\t\t\t<div class=\"elementor-widget-container\">\n\t\t\t\t\t\t\t\t\t\t\t\t<figure class=\"wp-caption\">\n\t\t\t\t\t\t\t\t\t\t\t<a href=\"https:\/\/gymnasium-nordenham.de\/en\/ag-ubersicht-musisch-kunstlerischer-bereich\/\">\n\t\t\t\t\t\t\t<img decoding=\"async\" src=\"https:\/\/gymnasium-nordenham.de\/wp-content\/uploads\/elementor\/thumbs\/IMG_20240912_150618-scaled-quc5uxxsk0l1eg54xm8hg02wezni1oyksnnb0wbmn0.jpg\" title=\"IMG_20240912_150618\" alt=\"IMG_20240912_150618\" loading=\"lazy\" \/>\t\t\t\t\t\t\t\t<\/a>\n\t\t\t\t\t\t\t\t\t\t\t<figcaption class=\"widget-image-caption wp-caption-text\">Musisch-k\u00fcnstlerischer Bereich <\/figcaption>\n\t\t\t\t\t\t\t\t\t\t<\/figure>\n\t\t\t\t\t\t\t\t\t<\/div>\n\t\t\t\t<\/div>\n\t\t\t\t\t<\/div>\n\t\t<\/div>\n\t\t\t\t<div class=\"elementor-column elementor-col-20 elementor-inner-column elementor-element elementor-element-4e8b40a\" data-id=\"4e8b40a\" data-element_type=\"column\" data-e-type=\"column\">\n\t\t\t<div class=\"elementor-widget-wrap elementor-element-populated\">\n\t\t\t\t\t\t<div class=\"elementor-element elementor-element-53689f5 elementor-widget elementor-widget-image\" data-id=\"53689f5\" data-element_type=\"widget\" data-e-type=\"widget\" data-widget_type=\"image.default\">\n\t\t\t\t<div class=\"elementor-widget-container\">\n\t\t\t\t\t\t\t\t\t\t\t\t<figure class=\"wp-caption\">\n\t\t\t\t\t\t\t\t\t\t\t<a href=\"https:\/\/gymnasium-nordenham.de\/en\/ag-ubersicht-sportlicher-bereich\/\">\n\t\t\t\t\t\t\t<img decoding=\"async\" width=\"150\" height=\"150\" src=\"https:\/\/gymnasium-nordenham.de\/wp-content\/uploads\/2024\/09\/IMG_20240912_150341-150x150.jpg\" class=\"attachment-thumbnail size-thumbnail wp-image-12091\" alt=\"\" srcset=\"https:\/\/gymnasium-nordenham.de\/wp-content\/uploads\/2024\/09\/IMG_20240912_150341-150x150.jpg 150w, https:\/\/gymnasium-nordenham.de\/wp-content\/uploads\/2024\/09\/IMG_20240912_150341-144x144.jpg 144w\" sizes=\"(max-width: 150px) 100vw, 150px\" \/>\t\t\t\t\t\t\t\t<\/a>\n\t\t\t\t\t\t\t\t\t\t\t<figcaption class=\"widget-image-caption wp-caption-text\">Sportlicher Bereich<\/figcaption>\n\t\t\t\t\t\t\t\t\t\t<\/figure>\n\t\t\t\t\t\t\t\t\t<\/div>\n\t\t\t\t<\/div>\n\t\t\t\t\t<\/div>\n\t\t<\/div>\n\t\t\t\t<div class=\"elementor-column elementor-col-20 elementor-inner-column elementor-element elementor-element-38b9205\" data-id=\"38b9205\" data-element_type=\"column\" data-e-type=\"column\">\n\t\t\t<div class=\"elementor-widget-wrap elementor-element-populated\">\n\t\t\t\t\t\t<div class=\"elementor-element elementor-element-b66de63 elementor-widget elementor-widget-image\" data-id=\"b66de63\" data-element_type=\"widget\" data-e-type=\"widget\" data-widget_type=\"image.default\">\n\t\t\t\t<div class=\"elementor-widget-container\">\n\t\t\t\t\t\t\t\t\t\t\t\t<figure class=\"wp-caption\">\n\t\t\t\t\t\t\t\t\t\t\t<a href=\"https:\/\/gymnasium-nordenham.de\/en\/ag-ubersicht-facherubergreifend\/\">\n\t\t\t\t\t\t\t<img decoding=\"async\" src=\"https:\/\/gymnasium-nordenham.de\/wp-content\/uploads\/elementor\/thumbs\/IMG_20240919_145310-scaled-quc81qqpi0geploisogjh4817v99c7shmoipdzhh0c.jpg\" title=\"IMG_20240919_145310\" alt=\"IMG_20240919_145310\" loading=\"lazy\" \/>\t\t\t\t\t\t\t\t<\/a>\n\t\t\t\t\t\t\t\t\t\t\t<figcaption class=\"widget-image-caption wp-caption-text\">F\u00e4cher- \u00fcbergreifend     <\/figcaption>\n\t\t\t\t\t\t\t\t\t\t<\/figure>\n\t\t\t\t\t\t\t\t\t<\/div>\n\t\t\t\t<\/div>\n\t\t\t\t\t<\/div>\n\t\t<\/div>\n\t\t\t\t\t<\/div>\n\t\t<\/section>\n\t\t\t\t<div class=\"elementor-element elementor-element-0890864 elementor-widget elementor-widget-heading\" data-id=\"0890864\" data-element_type=\"widget\" data-e-type=\"widget\" data-widget_type=\"heading.default\">\n\t\t\t\t<div class=\"elementor-widget-container\">\n\t\t\t\t\t<h2 class=\"elementor-heading-title elementor-size-default\">Gesellschaftlicher Bereich<\/h2>\t\t\t\t<\/div>\n\t\t\t\t<\/div>\n\t\t\t\t<div class=\"elementor-element elementor-element-04a673a elementor-widget elementor-widget-toggle\" data-id=\"04a673a\" data-element_type=\"widget\" data-e-type=\"widget\" data-widget_type=\"toggle.default\">\n\t\t\t\t<div class=\"elementor-widget-container\">\n\t\t\t\t\t\t\t<div class=\"elementor-toggle\">\n\t\t\t\t\t\t\t<div class=\"elementor-toggle-item\">\n\t\t\t\t\t<div id=\"elementor-tab-title-4871\" class=\"elementor-tab-title\" data-tab=\"1\" role=\"button\" aria-controls=\"elementor-tab-content-4871\" aria-expanded=\"false\">\n\t\t\t\t\t\t\t\t\t\t\t\t<span class=\"elementor-toggle-icon elementor-toggle-icon-left\" aria-hidden=\"true\">\n\t\t\t\t\t\t\t\t\t\t\t\t\t\t\t<span class=\"elementor-toggle-icon-closed\"><i class=\"fas fa-caret-right\"><\/i><\/span>\n\t\t\t\t\t\t\t\t<span class=\"elementor-toggle-icon-opened\"><i class=\"elementor-toggle-icon-opened fas fa-caret-up\"><\/i><\/span>\n\t\t\t\t\t\t\t\t\t\t\t\t\t<\/span>\n\t\t\t\t\t\t\t\t\t\t\t\t<a class=\"elementor-toggle-title\" tabindex=\"0\">Erasmus + Projekt Kroatien<\/a>\n\t\t\t\t\t<\/div>\n\n\t\t\t\t\t<div id=\"elementor-tab-content-4871\" class=\"elementor-tab-content elementor-clearfix\" data-tab=\"1\" role=\"region\" aria-labelledby=\"elementor-tab-title-4871\"><table style=\"border-collapse: collapse; width: 100%;\"><tbody><tr><td style=\"width: 18.7063%; text-align: left;\"><span style=\"font-size: 12pt; font-family: georgia, palatino, serif;\">Frau Wiedenh\u00f6fer<\/span><\/td><td style=\"width: 31.2937%; text-align: left;\"><p><span style=\"font-size: 12pt; font-family: georgia, palatino, serif;\">Dienstag\u00a0\u00a0\u00a0\u00a0 oder Mitwoch, 7.\/8. Stunde (nach Abschsprache,\u00a0 ca. 2 w\u00f6chentlich)<\/span><\/p><\/td><td style=\"width: 25%; text-align: left;\"><p><span style=\"font-size: 12pt; font-family: georgia, palatino, serif;\">Raum: 5001\u00a0\u00a0\u00a0\u00a0\u00a0\u00a0\u00a0\u00a0\u00a0\u00a0\u00a0 \u00a0\u00a0\u00a0 \u00a0\u00a0\u00a0 <\/span><\/p><\/td><td style=\"width: 25%; text-align: left;\"><p><span style=\"font-size: 12pt; font-family: georgia, palatino, serif;\"><strong>Jahrgang 7,\u00a0<\/strong> \u00a0\u00a0\u00a0\u00a0\u00a0\u00a0\u00a0\u00a0\u00a0\u00a0\u00a0\u00a0\u00a0\u00a0 <\/span><\/p><p><span style=\"font-size: 12pt; font-family: georgia, palatino, serif;\">fester Teilnehmekreis\u00a0\u00a0<\/span><\/p><\/td><\/tr><\/tbody><\/table><p style=\"text-align: justify;\"><span style=\"font-size: 12pt; font-family: georgia, palatino, serif;\">In diesem Schuljahr sind unsere Erasmus+ Projekte \/ Austauschfahrten jeweils an eine AG gekoppelt (s. Beschreibung unten). Es gibt vier voneinander unabh\u00e4ngige Erasmus+ Projekte \/ Austauschfahrten und folglich auch vier unterschiedliche Erasmus+ AGs: eine f\u00fcr Jg. 8 (Frankreich), eine f\u00fcr Jg. 9 (Spanien), eine f\u00fcr Jg. 8 und 9 (Italien), eine f\u00fcr Jg. 10 (Norwegen) und eine f\u00fcr Jg. 11 und 12 (Br\u00fcssel).<\/span><\/p><\/div>\n\t\t\t\t<\/div>\n\t\t\t\t\t\t\t<div class=\"elementor-toggle-item\">\n\t\t\t\t\t<div id=\"elementor-tab-title-4872\" class=\"elementor-tab-title\" data-tab=\"2\" role=\"button\" aria-controls=\"elementor-tab-content-4872\" aria-expanded=\"false\">\n\t\t\t\t\t\t\t\t\t\t\t\t<span class=\"elementor-toggle-icon elementor-toggle-icon-left\" aria-hidden=\"true\">\n\t\t\t\t\t\t\t\t\t\t\t\t\t\t\t<span class=\"elementor-toggle-icon-closed\"><i class=\"fas fa-caret-right\"><\/i><\/span>\n\t\t\t\t\t\t\t\t<span class=\"elementor-toggle-icon-opened\"><i class=\"elementor-toggle-icon-opened fas fa-caret-up\"><\/i><\/span>\n\t\t\t\t\t\t\t\t\t\t\t\t\t<\/span>\n\t\t\t\t\t\t\t\t\t\t\t\t<a class=\"elementor-toggle-title\" tabindex=\"0\">Erasmus + Projekt Spanien(Madrid)<\/a>\n\t\t\t\t\t<\/div>\n\n\t\t\t\t\t<div id=\"elementor-tab-content-4872\" class=\"elementor-tab-content elementor-clearfix\" data-tab=\"2\" role=\"region\" aria-labelledby=\"elementor-tab-title-4872\"><table style=\"border-collapse: collapse; width: 100%;\"><tbody><tr><td style=\"width: 18.7063%; text-align: left;\"><span style=\"font-size: 12pt; font-family: georgia, palatino, serif;\">Frau Pargmann<\/span><\/td><td style=\"width: 31.2937%; text-align: left;\"><p><span style=\"font-size: 12pt; font-family: georgia, palatino, serif;\">Dienstag\u00a0\u00a0\u00a0\u00a0 oder Mitwoch, 7.\/8. Stunde (nach Abschprache,\u00a0 ca. 2 w\u00f6chentlich)<\/span><\/p><\/td><td style=\"width: 25%; text-align: left;\"><p><span style=\"font-size: 12pt; font-family: georgia, palatino, serif;\">Raum: 5001\u00a0\u00a0\u00a0\u00a0\u00a0\u00a0\u00a0\u00a0\u00a0\u00a0\u00a0 \u00a0\u00a0\u00a0 \u00a0\u00a0\u00a0 <\/span><\/p><\/td><td style=\"width: 25%; text-align: left;\"><p><span style=\"font-size: 12pt; font-family: georgia, palatino, serif;\"><strong>Jahrgang 9,\u00a0<\/strong> \u00a0\u00a0\u00a0\u00a0\u00a0\u00a0\u00a0\u00a0\u00a0\u00a0\u00a0\u00a0\u00a0\u00a0 <\/span><\/p><p><span style=\"font-size: 12pt; font-family: georgia, palatino, serif;\">fester Teilnehmekreis\u00a0\u00a0<\/span><\/p><\/td><\/tr><\/tbody><\/table><p style=\"text-align: justify;\"><span style=\"font-size: 12pt; font-family: georgia, palatino, serif;\">In diesem Schuljahr sind unsere Erasmus+ Projekte \/ Austauschfahrten jeweils an eine AG gekoppelt (s. Beschreibung unten). Es gibt vier voneinander unabh\u00e4ngige Erasmus+ Projekte \/ Austauschfahrten und folglich auch vier unterschiedliche Erasmus+ AGs: eine f\u00fcr Jg. 8 (Frankreich), eine f\u00fcr Jg. 9 (Spanien), eine f\u00fcr Jg. 8 und 9 (Italien), eine f\u00fcr Jg. 10 (Norwegen) und eine f\u00fcr Jg. 11 und 12 (Br\u00fcssel).<\/span><\/p><\/div>\n\t\t\t\t<\/div>\n\t\t\t\t\t\t\t<div class=\"elementor-toggle-item\">\n\t\t\t\t\t<div id=\"elementor-tab-title-4873\" class=\"elementor-tab-title\" data-tab=\"3\" role=\"button\" aria-controls=\"elementor-tab-content-4873\" aria-expanded=\"false\">\n\t\t\t\t\t\t\t\t\t\t\t\t<span class=\"elementor-toggle-icon elementor-toggle-icon-left\" aria-hidden=\"true\">\n\t\t\t\t\t\t\t\t\t\t\t\t\t\t\t<span class=\"elementor-toggle-icon-closed\"><i class=\"fas fa-caret-right\"><\/i><\/span>\n\t\t\t\t\t\t\t\t<span class=\"elementor-toggle-icon-opened\"><i class=\"elementor-toggle-icon-opened fas fa-caret-up\"><\/i><\/span>\n\t\t\t\t\t\t\t\t\t\t\t\t\t<\/span>\n\t\t\t\t\t\t\t\t\t\t\t\t<a class=\"elementor-toggle-title\" tabindex=\"0\">Erasmus + Projekt Slowakei<\/a>\n\t\t\t\t\t<\/div>\n\n\t\t\t\t\t<div id=\"elementor-tab-content-4873\" class=\"elementor-tab-content elementor-clearfix\" data-tab=\"3\" role=\"region\" aria-labelledby=\"elementor-tab-title-4873\"><table style=\"border-collapse: collapse; width: 100%;\"><tbody><tr><td style=\"width: 18.7063%; text-align: left;\"><span style=\"font-size: 12pt; font-family: georgia, palatino, serif;\">Frau Wiedenh\u00f6fer<\/span><\/td><td style=\"width: 31.2937%; text-align: left;\"><p><span style=\"font-size: 12pt; font-family: georgia, palatino, serif;\">Dienstag\u00a0\u00a0\u00a0\u00a0 oder Mitwoch, 7.\/8. Stunde (nach Abschsprache,\u00a0 ca. 2 w\u00f6chentlich)<\/span><\/p><\/td><td style=\"width: 25%; text-align: left;\"><p><span style=\"font-size: 12pt; font-family: georgia, palatino, serif;\">Raum: 5001\u00a0\u00a0\u00a0\u00a0\u00a0\u00a0\u00a0\u00a0\u00a0\u00a0\u00a0 \u00a0\u00a0\u00a0 \u00a0\u00a0\u00a0 <\/span><\/p><\/td><td style=\"width: 25%; text-align: left;\"><p><span style=\"font-size: 12pt; font-family: georgia, palatino, serif;\"><strong>Jahrgang 10,\u00a0<\/strong> \u00a0\u00a0\u00a0\u00a0\u00a0\u00a0\u00a0\u00a0\u00a0\u00a0\u00a0\u00a0\u00a0\u00a0 <\/span><\/p><p><span style=\"font-size: 12pt; font-family: georgia, palatino, serif;\">fester Teilnehmekreis\u00a0\u00a0<\/span><\/p><\/td><\/tr><\/tbody><\/table><p style=\"text-align: justify;\"><span style=\"font-size: 12pt; font-family: georgia, palatino, serif;\">In diesem Schuljahr sind unsere Erasmus+ Projekte \/ Austauschfahrten jeweils an eine AG gekoppelt (s. Beschreibung unten). Es gibt vier voneinander unabh\u00e4ngige Erasmus+ Projekte \/ Austauschfahrten und folglich auch vier unterschiedliche Erasmus+ AGs: eine f\u00fcr Jg. 8 (Frankreich), eine f\u00fcr Jg. 9 (Spanien), eine f\u00fcr Jg. 8 und 9 (Italien), eine f\u00fcr Jg. 10 (Norwegen) und eine f\u00fcr Jg. 11 und 12 (Br\u00fcssel).<\/span><\/p><\/div>\n\t\t\t\t<\/div>\n\t\t\t\t\t\t\t<div class=\"elementor-toggle-item\">\n\t\t\t\t\t<div id=\"elementor-tab-title-4874\" class=\"elementor-tab-title\" data-tab=\"4\" role=\"button\" aria-controls=\"elementor-tab-content-4874\" aria-expanded=\"false\">\n\t\t\t\t\t\t\t\t\t\t\t\t<span class=\"elementor-toggle-icon elementor-toggle-icon-left\" aria-hidden=\"true\">\n\t\t\t\t\t\t\t\t\t\t\t\t\t\t\t<span class=\"elementor-toggle-icon-closed\"><i class=\"fas fa-caret-right\"><\/i><\/span>\n\t\t\t\t\t\t\t\t<span class=\"elementor-toggle-icon-opened\"><i class=\"elementor-toggle-icon-opened fas fa-caret-up\"><\/i><\/span>\n\t\t\t\t\t\t\t\t\t\t\t\t\t<\/span>\n\t\t\t\t\t\t\t\t\t\t\t\t<a class=\"elementor-toggle-title\" tabindex=\"0\">Erasmus + Projekt Belgien (Br\u00fcssel)<\/a>\n\t\t\t\t\t<\/div>\n\n\t\t\t\t\t<div id=\"elementor-tab-content-4874\" class=\"elementor-tab-content elementor-clearfix\" data-tab=\"4\" role=\"region\" aria-labelledby=\"elementor-tab-title-4874\"><table style=\"border-collapse: collapse; width: 100%;\"><tbody><tr><td style=\"width: 18.7063%; text-align: left;\"><span style=\"font-size: 12pt; font-family: georgia, palatino, serif;\">Frau Wiedenh\u00f6fer<\/span><\/td><td style=\"width: 31.2937%; text-align: left;\"><p><span style=\"font-size: 12pt; font-family: georgia, palatino, serif;\">Dienstag\u00a0\u00a0\u00a0\u00a0 oder Mitwoch, 7.\/8. Stunde (nach Abschsprache,\u00a0 ca. 2 w\u00f6chentlich)<\/span><\/p><\/td><td style=\"width: 25%; text-align: left;\"><p><span style=\"font-size: 12pt; font-family: georgia, palatino, serif;\">Raum: 5001\u00a0\u00a0\u00a0\u00a0\u00a0\u00a0\u00a0\u00a0\u00a0\u00a0\u00a0 \u00a0\u00a0\u00a0 \u00a0\u00a0\u00a0 <\/span><\/p><\/td><td style=\"width: 25%; text-align: left;\"><p><span style=\"font-size: 12pt; font-family: georgia, palatino, serif;\"><strong>Jahrgang 11,\u00a0<\/strong> \u00a0\u00a0\u00a0\u00a0\u00a0\u00a0\u00a0\u00a0\u00a0\u00a0\u00a0\u00a0\u00a0\u00a0 <\/span><\/p><p><span style=\"font-size: 12pt; font-family: georgia, palatino, serif;\">\u00a0fester Teilnehmekreis\u00a0 \u00a0<\/span><\/p><\/td><\/tr><\/tbody><\/table><p style=\"text-align: justify;\"><span style=\"font-size: 12pt; font-family: georgia, palatino, serif;\">In diesem Schuljahr sind unsere Erasmus+ Projekte \/ Austauschfahrten jeweils an eine AG gekoppelt (s. Beschreibung unten). Es gibt vier voneinander unabh\u00e4ngige Erasmus+ Projekte \/ Austauschfahrten und folglich auch vier unterschiedliche Erasmus+ AGs: eine f\u00fcr Jg. 8 (Frankreich), eine f\u00fcr Jg. 9 (Spanien), eine f\u00fcr Jg. 8 und 9 (Italien), eine f\u00fcr Jg. 10 (Norwegen) und eine f\u00fcr Jg. 11 und 12 (Br\u00fcssel).<\/span><\/p><\/div>\n\t\t\t\t<\/div>\n\t\t\t\t\t\t\t<div class=\"elementor-toggle-item\">\n\t\t\t\t\t<div id=\"elementor-tab-title-4875\" class=\"elementor-tab-title\" data-tab=\"5\" role=\"button\" aria-controls=\"elementor-tab-content-4875\" aria-expanded=\"false\">\n\t\t\t\t\t\t\t\t\t\t\t\t<span class=\"elementor-toggle-icon elementor-toggle-icon-left\" aria-hidden=\"true\">\n\t\t\t\t\t\t\t\t\t\t\t\t\t\t\t<span class=\"elementor-toggle-icon-closed\"><i class=\"fas fa-caret-right\"><\/i><\/span>\n\t\t\t\t\t\t\t\t<span class=\"elementor-toggle-icon-opened\"><i class=\"elementor-toggle-icon-opened fas fa-caret-up\"><\/i><\/span>\n\t\t\t\t\t\t\t\t\t\t\t\t\t<\/span>\n\t\t\t\t\t\t\t\t\t\t\t\t<a class=\"elementor-toggle-title\" tabindex=\"0\">Erasmus + Projekt Frankreich I (Molsheim)<\/a>\n\t\t\t\t\t<\/div>\n\n\t\t\t\t\t<div id=\"elementor-tab-content-4875\" class=\"elementor-tab-content elementor-clearfix\" data-tab=\"5\" role=\"region\" aria-labelledby=\"elementor-tab-title-4875\"><table style=\"border-collapse: collapse; width: 100%;\"><tbody><tr><td style=\"width: 18.7063%; text-align: left;\"><span style=\"font-size: 12pt; font-family: georgia, palatino, serif;\">Frau Pargmann<br \/><\/span><\/td><td style=\"width: 31.2937%; text-align: left;\"><p><span style=\"font-size: 12pt; font-family: georgia, palatino, serif;\">Dienstag\u00a0\u00a0\u00a0\u00a0 oder Mitwoch, 7.\/8. Stunde (nach Abschsprache,\u00a0 ca. 2 w\u00f6chentlich)<\/span><\/p><\/td><td style=\"width: 25%; text-align: left;\"><p><span style=\"font-size: 12pt; font-family: georgia, palatino, serif;\">Raum: 5001\u00a0\u00a0\u00a0\u00a0\u00a0\u00a0\u00a0\u00a0\u00a0\u00a0\u00a0 \u00a0\u00a0\u00a0 \u00a0\u00a0\u00a0 <\/span><\/p><\/td><td style=\"width: 25%; text-align: left;\"><p><span style=\"font-size: 12pt; font-family: georgia, palatino, serif;\"><strong>Jahrgang 8,\u00a0<\/strong> \u00a0\u00a0\u00a0\u00a0\u00a0\u00a0\u00a0\u00a0\u00a0\u00a0\u00a0\u00a0\u00a0\u00a0 <\/span><\/p><p><span style=\"font-size: 12pt; font-family: georgia, palatino, serif;\">fester Teilnehmekreis\u00a0\u00a0<\/span><\/p><\/td><\/tr><\/tbody><\/table><p style=\"text-align: justify;\"><span style=\"font-size: 12pt; font-family: georgia, palatino, serif;\">In diesem Schuljahr sind unsere Erasmus+ Projekte \/ Austauschfahrten jeweils an eine AG gekoppelt (s. Beschreibung unten). Es gibt vier voneinander unabh\u00e4ngige Erasmus+ Projekte \/ Austauschfahrten und folglich auch vier unterschiedliche Erasmus+ AGs: eine f\u00fcr Jg. 8 (Frankreich), eine f\u00fcr Jg. 9 (Spanien), eine f\u00fcr Jg. 8 und 9 (Italien), eine f\u00fcr Jg. 10 (Norwegen) und eine f\u00fcr Jg. 11 und 12 (Br\u00fcssel).<\/span><\/p><\/div>\n\t\t\t\t<\/div>\n\t\t\t\t\t\t\t<div class=\"elementor-toggle-item\">\n\t\t\t\t\t<div id=\"elementor-tab-title-4876\" class=\"elementor-tab-title\" data-tab=\"6\" role=\"button\" aria-controls=\"elementor-tab-content-4876\" aria-expanded=\"false\">\n\t\t\t\t\t\t\t\t\t\t\t\t<span class=\"elementor-toggle-icon elementor-toggle-icon-left\" aria-hidden=\"true\">\n\t\t\t\t\t\t\t\t\t\t\t\t\t\t\t<span class=\"elementor-toggle-icon-closed\"><i class=\"fas fa-caret-right\"><\/i><\/span>\n\t\t\t\t\t\t\t\t<span class=\"elementor-toggle-icon-opened\"><i class=\"elementor-toggle-icon-opened fas fa-caret-up\"><\/i><\/span>\n\t\t\t\t\t\t\t\t\t\t\t\t\t<\/span>\n\t\t\t\t\t\t\t\t\t\t\t\t<a class=\"elementor-toggle-title\" tabindex=\"0\">Erasmus + Projekt Frankreich II (Beuzeville)<\/a>\n\t\t\t\t\t<\/div>\n\n\t\t\t\t\t<div id=\"elementor-tab-content-4876\" class=\"elementor-tab-content elementor-clearfix\" data-tab=\"6\" role=\"region\" aria-labelledby=\"elementor-tab-title-4876\"><table style=\"border-collapse: collapse; width: 100%;\"><tbody><tr><td style=\"width: 18.7063%; text-align: left;\"><span style=\"font-size: 12pt; font-family: georgia, palatino, serif;\">Frau Pargmann<br \/><\/span><\/td><td style=\"width: 31.2937%; text-align: left;\"><p><span style=\"font-size: 12pt; font-family: georgia, palatino, serif;\">Dienstag\u00a0\u00a0\u00a0\u00a0 oder Mitwoch, 7.\/8. Stunde (nach Abschsprache,\u00a0 ca. 2 w\u00f6chentlich)<\/span><\/p><\/td><td style=\"width: 25%; text-align: left;\"><p><span style=\"font-size: 12pt; font-family: georgia, palatino, serif;\">Raum: 5001\u00a0\u00a0\u00a0\u00a0\u00a0\u00a0\u00a0\u00a0\u00a0\u00a0\u00a0 \u00a0\u00a0\u00a0 \u00a0\u00a0\u00a0 <\/span><\/p><\/td><td style=\"width: 25%; text-align: left;\"><p><span style=\"font-size: 12pt; font-family: georgia, palatino, serif;\"><strong>Jahrgang 7-10,\u00a0<\/strong> \u00a0\u00a0\u00a0\u00a0\u00a0\u00a0\u00a0\u00a0\u00a0\u00a0\u00a0\u00a0\u00a0\u00a0 <\/span><\/p><p><span style=\"font-size: 12pt; font-family: georgia, palatino, serif;\">fester Teilnehmekreis\u00a0\u00a0<\/span><\/p><\/td><\/tr><\/tbody><\/table><p style=\"text-align: justify;\"><span style=\"font-size: 12pt; font-family: georgia, palatino, serif;\">In diesem Schuljahr sind unsere Erasmus+ Projekte \/ Austauschfahrten jeweils an eine AG gekoppelt (s. Beschreibung unten). Es gibt vier voneinander unabh\u00e4ngige Erasmus+ Projekte \/ Austauschfahrten und folglich auch vier unterschiedliche Erasmus+ AGs: eine f\u00fcr Jg. 8 (Frankreich), eine f\u00fcr Jg. 9 (Spanien), eine f\u00fcr Jg. 8 und 9 (Italien), eine f\u00fcr Jg. 10 (Norwegen) und eine f\u00fcr Jg. 11 und 12 (Br\u00fcssel).<\/span><\/p><\/div>\n\t\t\t\t<\/div>\n\t\t\t\t\t\t\t<div class=\"elementor-toggle-item\">\n\t\t\t\t\t<div id=\"elementor-tab-title-4877\" class=\"elementor-tab-title\" data-tab=\"7\" role=\"button\" aria-controls=\"elementor-tab-content-4877\" aria-expanded=\"false\">\n\t\t\t\t\t\t\t\t\t\t\t\t<span class=\"elementor-toggle-icon elementor-toggle-icon-left\" aria-hidden=\"true\">\n\t\t\t\t\t\t\t\t\t\t\t\t\t\t\t<span class=\"elementor-toggle-icon-closed\"><i class=\"fas fa-caret-right\"><\/i><\/span>\n\t\t\t\t\t\t\t\t<span class=\"elementor-toggle-icon-opened\"><i class=\"elementor-toggle-icon-opened fas fa-caret-up\"><\/i><\/span>\n\t\t\t\t\t\t\t\t\t\t\t\t\t<\/span>\n\t\t\t\t\t\t\t\t\t\t\t\t<a class=\"elementor-toggle-title\" tabindex=\"0\">Erasmus + Projekt Italien (Venedig)<\/a>\n\t\t\t\t\t<\/div>\n\n\t\t\t\t\t<div id=\"elementor-tab-content-4877\" class=\"elementor-tab-content elementor-clearfix\" data-tab=\"7\" role=\"region\" aria-labelledby=\"elementor-tab-title-4877\"><table style=\"border-collapse: collapse; width: 100%;\"><tbody><tr><td style=\"width: 18.7063%; text-align: left;\"><span style=\"font-size: 12pt; font-family: georgia, palatino, serif;\">Frau Wiedenh\u00f6fer<br \/><\/span><\/td><td style=\"width: 31.2937%; text-align: left;\"><p><span style=\"font-size: 12pt; font-family: georgia, palatino, serif;\">Dienstag\u00a0\u00a0\u00a0\u00a0 oder Mitwoch, 7.\/8. Stunde (nach Abschsprache,\u00a0 ca. 2 w\u00f6chentlich)<\/span><\/p><\/td><td style=\"width: 25%; text-align: left;\"><p><span style=\"font-size: 12pt; font-family: georgia, palatino, serif;\">Raum: 5001\u00a0\u00a0\u00a0\u00a0\u00a0\u00a0\u00a0\u00a0\u00a0\u00a0\u00a0 \u00a0\u00a0\u00a0 \u00a0\u00a0\u00a0 <\/span><\/p><\/td><td style=\"width: 25%; text-align: left;\"><p><span style=\"font-size: 12pt; font-family: georgia, palatino, serif;\"><strong>Jahrgang 12,\u00a0<\/strong> \u00a0\u00a0\u00a0\u00a0\u00a0\u00a0\u00a0\u00a0\u00a0\u00a0\u00a0\u00a0\u00a0\u00a0 <\/span><\/p><p><span style=\"font-size: 12pt; font-family: georgia, palatino, serif;\">fester Teilnehmekreis\u00a0\u00a0<\/span><\/p><\/td><\/tr><\/tbody><\/table><p style=\"text-align: justify;\"><span style=\"font-size: 12pt; font-family: georgia, palatino, serif;\">In diesem Schuljahr sind unsere Erasmus+ Projekte \/ Austauschfahrten jeweils an eine AG gekoppelt (s. Beschreibung unten). Es gibt vier voneinander unabh\u00e4ngige Erasmus+ Projekte \/ Austauschfahrten und folglich auch vier unterschiedliche Erasmus+ AGs: eine f\u00fcr Jg. 8 (Frankreich), eine f\u00fcr Jg. 9 (Spanien), eine f\u00fcr Jg. 8 und 9 (Italien), eine f\u00fcr Jg. 10 (Norwegen) und eine f\u00fcr Jg. 11 und 12 (Br\u00fcssel).<\/span><\/p><\/div>\n\t\t\t\t<\/div>\n\t\t\t\t\t\t\t<div class=\"elementor-toggle-item\">\n\t\t\t\t\t<div id=\"elementor-tab-title-4878\" class=\"elementor-tab-title\" data-tab=\"8\" role=\"button\" aria-controls=\"elementor-tab-content-4878\" aria-expanded=\"false\">\n\t\t\t\t\t\t\t\t\t\t\t\t<span class=\"elementor-toggle-icon elementor-toggle-icon-left\" aria-hidden=\"true\">\n\t\t\t\t\t\t\t\t\t\t\t\t\t\t\t<span class=\"elementor-toggle-icon-closed\"><i class=\"fas fa-caret-right\"><\/i><\/span>\n\t\t\t\t\t\t\t\t<span class=\"elementor-toggle-icon-opened\"><i class=\"elementor-toggle-icon-opened fas fa-caret-up\"><\/i><\/span>\n\t\t\t\t\t\t\t\t\t\t\t\t\t<\/span>\n\t\t\t\t\t\t\t\t\t\t\t\t<a class=\"elementor-toggle-title\" tabindex=\"0\">Erasmus + Projekt Spanien<\/a>\n\t\t\t\t\t<\/div>\n\n\t\t\t\t\t<div id=\"elementor-tab-content-4878\" class=\"elementor-tab-content elementor-clearfix\" data-tab=\"8\" role=\"region\" aria-labelledby=\"elementor-tab-title-4878\"><table style=\"border-collapse: collapse; width: 100%;\"><tbody><tr><td style=\"width: 18.7063%; text-align: left;\"><span style=\"font-size: 12pt; font-family: georgia, palatino, serif;\">Frau Pargmann<br \/><\/span><\/td><td style=\"width: 31.2937%; text-align: left;\"><p><span style=\"font-size: 12pt; font-family: georgia, palatino, serif;\">Dienstag\u00a0\u00a0\u00a0\u00a0 oder Mitwoch, 7.\/8. Stunde (nach Abschsprache,\u00a0 ca. 2 w\u00f6chentlich)<\/span><\/p><\/td><td style=\"width: 25%; text-align: left;\"><p><span style=\"font-size: 12pt; font-family: georgia, palatino, serif;\">Raum: 5001\u00a0\u00a0\u00a0\u00a0\u00a0\u00a0\u00a0\u00a0\u00a0\u00a0\u00a0 \u00a0\u00a0\u00a0 \u00a0\u00a0\u00a0 <\/span><\/p><\/td><td style=\"width: 25%; text-align: left;\"><p><span style=\"font-size: 12pt; font-family: georgia, palatino, serif;\"><strong>Jahrgang 9,\u00a0<\/strong> \u00a0\u00a0\u00a0\u00a0\u00a0\u00a0\u00a0\u00a0\u00a0\u00a0\u00a0\u00a0\u00a0\u00a0 <\/span><\/p><p><span style=\"font-size: 12pt; font-family: georgia, palatino, serif;\">fester Teilnehmekreis\u00a0\u00a0<\/span><\/p><\/td><\/tr><\/tbody><\/table><p style=\"text-align: justify;\"><span style=\"font-size: 12pt; font-family: georgia, palatino, serif;\">In diesem Schuljahr sind unsere Erasmus+ Projekte \/ Austauschfahrten jeweils an eine AG gekoppelt (s. Beschreibung unten). Es gibt vier voneinander unabh\u00e4ngige Erasmus+ Projekte \/ Austauschfahrten und folglich auch vier unterschiedliche Erasmus+ AGs: eine f\u00fcr Jg. 8 (Frankreich), eine f\u00fcr Jg. 9 (Spanien), eine f\u00fcr Jg. 8 und 9 (Italien), eine f\u00fcr Jg. 10 (Norwegen) und eine f\u00fcr Jg. 11 und 12 (Br\u00fcssel).<\/span><\/p><\/div>\n\t\t\t\t<\/div>\n\t\t\t\t\t\t\t<div class=\"elementor-toggle-item\">\n\t\t\t\t\t<div id=\"elementor-tab-title-4879\" class=\"elementor-tab-title\" data-tab=\"9\" role=\"button\" aria-controls=\"elementor-tab-content-4879\" aria-expanded=\"false\">\n\t\t\t\t\t\t\t\t\t\t\t\t<span class=\"elementor-toggle-icon elementor-toggle-icon-left\" aria-hidden=\"true\">\n\t\t\t\t\t\t\t\t\t\t\t\t\t\t\t<span class=\"elementor-toggle-icon-closed\"><i class=\"fas fa-caret-right\"><\/i><\/span>\n\t\t\t\t\t\t\t\t<span class=\"elementor-toggle-icon-opened\"><i class=\"elementor-toggle-icon-opened fas fa-caret-up\"><\/i><\/span>\n\t\t\t\t\t\t\t\t\t\t\t\t\t<\/span>\n\t\t\t\t\t\t\t\t\t\t\t\t<a class=\"elementor-toggle-title\" tabindex=\"0\">Homepage-AG<\/a>\n\t\t\t\t\t<\/div>\n\n\t\t\t\t\t<div id=\"elementor-tab-content-4879\" class=\"elementor-tab-content elementor-clearfix\" data-tab=\"9\" role=\"region\" aria-labelledby=\"elementor-tab-title-4879\"><table style=\"border-collapse: collapse; width: 100%;\">\n<tbody>\n<tr>\n<td style=\"width: 18.7063%; text-align: justify;\"><span style=\"font-size: 12pt; font-family: georgia, palatino, serif;\">Herr Hetzel<br><\/span><\/td>\n<td style=\"width: 31.2937%; text-align: justify;\">\n<p><span style=\"font-size: 12pt; font-family: georgia, palatino, serif;\">Mittwoch&nbsp; , 7.\/8. Stunde <br><\/span><\/p>\n<\/td>\n<td style=\"width: 25%; text-align: justify;\">\n<p><span style=\"font-size: 12pt; font-family: georgia, palatino, serif;\">&nbsp;PC:Raum &nbsp;&nbsp;&nbsp;&nbsp;&nbsp;&nbsp;&nbsp;&nbsp;&nbsp;&nbsp; &nbsp;&nbsp;&nbsp; &nbsp;&nbsp;&nbsp; <\/span><\/p>\n<\/td>\n<td style=\"width: 25%; text-align: justify;\">\n<p><span style=\"font-size: 12pt; font-family: georgia, palatino, serif;\"><strong>Jahrg\u00e4nge 7-13,&nbsp;<\/strong> &nbsp;&nbsp;&nbsp;&nbsp;&nbsp;&nbsp;&nbsp;&nbsp;&nbsp;&nbsp;&nbsp;&nbsp;&nbsp;&nbsp; <\/span><\/p>\n<p><span style=\"font-size: 12pt; font-family: georgia, palatino, serif;\">&nbsp; <br><\/span><\/p>\n<\/td>\n<\/tr>\n<\/tbody>\n<\/table>\n<p style=\"text-align: justify;\"><span style=\"font-size: 12pt; font-family: georgia, palatino, serif;\">Wir pflegen, \u00fcberarbeiten und verbessern die Homepage der Schule. Au\u00dferdem&nbsp; f\u00fcllen wir die Homepage mit Leben, indem wir auch eigene Beitr\u00e4ge erstellen und \u00fcber das Schulleben berichten. Sp\u00e4ter erstellen wir weitere Homepages f\u00fcr uns selbst oder f\u00fcr Freunde der Schule.&nbsp;<\/span><br><span style=\"font-size: 12pt; font-family: georgia, palatino, serif;\">Wenn du Lust hast, die Homepage der Schule mitzugestalten oder gerne Texte f\u00fcr eine Homepage schreiben m\u00f6chtest, dann bist in&nbsp;dieser AG genau richtig. Vorerfahrungen brauchst du nicht.<\/span><\/p><\/div>\n\t\t\t\t<\/div>\n\t\t\t\t\t\t\t<div class=\"elementor-toggle-item\">\n\t\t\t\t\t<div id=\"elementor-tab-title-48710\" class=\"elementor-tab-title\" data-tab=\"10\" role=\"button\" aria-controls=\"elementor-tab-content-48710\" aria-expanded=\"false\">\n\t\t\t\t\t\t\t\t\t\t\t\t<span class=\"elementor-toggle-icon elementor-toggle-icon-left\" aria-hidden=\"true\">\n\t\t\t\t\t\t\t\t\t\t\t\t\t\t\t<span class=\"elementor-toggle-icon-closed\"><i class=\"fas fa-caret-right\"><\/i><\/span>\n\t\t\t\t\t\t\t\t<span class=\"elementor-toggle-icon-opened\"><i class=\"elementor-toggle-icon-opened fas fa-caret-up\"><\/i><\/span>\n\t\t\t\t\t\t\t\t\t\t\t\t\t<\/span>\n\t\t\t\t\t\t\t\t\t\t\t\t<a class=\"elementor-toggle-title\" tabindex=\"0\">Internationale Projekte und Model-UN<\/a>\n\t\t\t\t\t<\/div>\n\n\t\t\t\t\t<div id=\"elementor-tab-content-48710\" class=\"elementor-tab-content elementor-clearfix\" data-tab=\"10\" role=\"region\" aria-labelledby=\"elementor-tab-title-48710\"><table style=\"border-collapse: collapse; width: 100%;\"><tbody><tr><td style=\"width: 18.7063%; text-align: left;\"><p><span style=\"font-size: 12pt; font-family: georgia, palatino, serif;\">Frau Sander<br \/><\/span><\/p><p><span style=\"font-size: 12pt; font-family: georgia, palatino, serif;\">Frau Wiedenh\u00f6fer<\/span><\/p><\/td><td style=\"width: 31.2937%; text-align: left;\"><p><span style=\"font-size: 12pt; font-family: georgia, palatino, serif;\">Nach Abschsprache<br \/><\/span><\/p><\/td><td style=\"width: 25%; text-align: left;\"><p><span style=\"font-size: 12pt; font-family: georgia, palatino, serif;\">Raum:1018\u00a0 \u00a0 \u00a0 \u00a0 \u00a0 \u00a0 \u00a0 \u00a0 \u00a0 \u00a0 \u00a0<\/span><\/p><\/td><td style=\"width: 25%; text-align: left;\"><p><span style=\"font-size: 12pt; font-family: georgia, palatino, serif;\"><strong>Jahrg\u00e4nge 9-11,\u00a0<\/strong><\/span><\/p><p><span style=\"font-size: 12pt; font-family: georgia, palatino, serif;\">fester Teilnehmekreis\u00a0 \u00a0 \u00a0 \u00a0 \u00a0 \u00a0 \u00a0 \u00a0<\/span><\/p><p><span style=\"font-size: 12pt; font-family: georgia, palatino, serif;\">\u00a0 <br \/><\/span><\/p><\/td><\/tr><\/tbody><\/table><\/div>\n\t\t\t\t<\/div>\n\t\t\t\t\t\t\t<div class=\"elementor-toggle-item\">\n\t\t\t\t\t<div id=\"elementor-tab-title-48711\" class=\"elementor-tab-title\" data-tab=\"11\" role=\"button\" aria-controls=\"elementor-tab-content-48711\" aria-expanded=\"false\">\n\t\t\t\t\t\t\t\t\t\t\t\t<span class=\"elementor-toggle-icon elementor-toggle-icon-left\" aria-hidden=\"true\">\n\t\t\t\t\t\t\t\t\t\t\t\t\t\t\t<span class=\"elementor-toggle-icon-closed\"><i class=\"fas fa-caret-right\"><\/i><\/span>\n\t\t\t\t\t\t\t\t<span class=\"elementor-toggle-icon-opened\"><i class=\"elementor-toggle-icon-opened fas fa-caret-up\"><\/i><\/span>\n\t\t\t\t\t\t\t\t\t\t\t\t\t<\/span>\n\t\t\t\t\t\t\t\t\t\t\t\t<a class=\"elementor-toggle-title\" tabindex=\"0\">Paten f\u00fcr F\u00fcnftkl\u00e4ssler<\/a>\n\t\t\t\t\t<\/div>\n\n\t\t\t\t\t<div id=\"elementor-tab-content-48711\" class=\"elementor-tab-content elementor-clearfix\" data-tab=\"11\" role=\"region\" aria-labelledby=\"elementor-tab-title-48711\"><table style=\"border-collapse: collapse; width: 100%;\"><tbody><tr><td style=\"width: 18.7063%; text-align: left;\"><span style=\"font-size: 12pt; font-family: georgia, palatino, serif;\">Frau Wassmann<br \/><\/span><\/td><td style=\"width: 31.2937%; text-align: left;\"><p><span style=\"font-size: 12pt; font-family: georgia, palatino, serif;\">nach Absprache<\/span><\/p><\/td><td style=\"width: 25%; text-align: left;\"><p><span style=\"font-size: 12pt; font-family: georgia, palatino, serif;\">Raum: 2010\u00a0 \u00a0 \u00a0 \u00a0 \u00a0 \u00a0 \u00a0 \u00a0 \u00a0 \u00a0\u00a0<\/span><\/p><\/td><td style=\"width: 25%; text-align: left;\"><p><span style=\"font-size: 12pt; font-family: georgia, palatino, serif;\"><strong>Bewerbung in Jg.9, Einsatz in Jg. 10-11,<\/strong>\u00a0 \u00a0 \u00a0 \u00a0 \u00a0 \u00a0 \u00a0 \u00a0<\/span><\/p><p><span style=\"font-size: 12pt; font-family: georgia, palatino, serif;\">\u00a0\u00a0<\/span><\/p><\/td><\/tr><\/tbody><\/table><p style=\"text-align: justify;\"><span style=\"font-family: georgia, palatino, serif; font-size: 12pt;\">Kannst du dich noch daran erinnern, wie du dich gef\u00fchlt hast, als du neu an das Gymnasium gekommen bist? Gedanken wie: \u201eHier finde ich mich nie zurecht!\u201c oder \u201eSo viele neue Sch\u00fclerInnen, LehrerInnen und R\u00e4ume!\u201c sind dir da vielleicht durch den Kopf gegangen. Deswegen suchen wir engagierte Sch\u00fclerInnen, die im kommenden Schuljahr mithelfen, den \u00dcbergang f\u00fcr die neuen F\u00fcnftkl\u00e4ssler mit den folgenden Aktionen so einfach wie m\u00f6glich zu gestalten: Begleitung am Schnuppertag und an den Einf\u00fchrungstagen mit Schulhausrallye und Sportturnier, Patenpausen, Aktionen bei den Kennenlernen-Tagen, Spielenachmittage, Streitschlichten, Faschingsparty und <\/span><br \/><span style=\"font-size: 12pt; font-family: georgia, palatino, serif;\">vieles mehr. <\/span><br \/><span style=\"font-family: georgia, palatino, serif; font-size: 12pt;\">Wenn du daran Interesse hast, dann melde dich bitte bei mir!<\/span><\/p><\/div>\n\t\t\t\t<\/div>\n\t\t\t\t\t\t\t<div class=\"elementor-toggle-item\">\n\t\t\t\t\t<div id=\"elementor-tab-title-48712\" class=\"elementor-tab-title\" data-tab=\"12\" role=\"button\" aria-controls=\"elementor-tab-content-48712\" aria-expanded=\"false\">\n\t\t\t\t\t\t\t\t\t\t\t\t<span class=\"elementor-toggle-icon elementor-toggle-icon-left\" aria-hidden=\"true\">\n\t\t\t\t\t\t\t\t\t\t\t\t\t\t\t<span class=\"elementor-toggle-icon-closed\"><i class=\"fas fa-caret-right\"><\/i><\/span>\n\t\t\t\t\t\t\t\t<span class=\"elementor-toggle-icon-opened\"><i class=\"elementor-toggle-icon-opened fas fa-caret-up\"><\/i><\/span>\n\t\t\t\t\t\t\t\t\t\t\t\t\t<\/span>\n\t\t\t\t\t\t\t\t\t\t\t\t<a class=\"elementor-toggle-title\" tabindex=\"0\">Schulsanit\u00e4tsdienst<\/a>\n\t\t\t\t\t<\/div>\n\n\t\t\t\t\t<div id=\"elementor-tab-content-48712\" class=\"elementor-tab-content elementor-clearfix\" data-tab=\"12\" role=\"region\" aria-labelledby=\"elementor-tab-title-48712\"><table style=\"border-collapse: collapse; width: 100%;\"><tbody><tr><td style=\"width: 18.7063%; text-align: left;\"><span style=\"font-size: 12pt; font-family: georgia, palatino, serif;\">Frau Wassmann<br \/><\/span><\/td><td style=\"width: 31.2937%; text-align: left;\"><p><span style=\"font-size: 12pt; font-family: georgia, palatino, serif;\">Freitag 7.\/8. Stunde<\/span><\/p><\/td><td style=\"width: 25%; text-align: left;\"><p><span style=\"font-size: 12pt; font-family: georgia, palatino, serif;\">Raum: 2010\u00a0 und Sanit\u00e4tsraum\u00a0 \u00a0 \u00a0 \u00a0 \u00a0 \u00a0 \u00a0 \u00a0 \u00a0\u00a0<\/span><\/p><\/td><td style=\"width: 25%; text-align: left;\"><p><span style=\"font-size: 12pt; font-family: georgia, palatino, serif;\"><strong>Ab Jahrgang 9, nach dem Erste-Hilfe-Kurs<\/strong>\u00a0 \u00a0 \u00a0 \u00a0 \u00a0 \u00a0 \u00a0\u00a0<\/span><\/p><p><span style=\"font-size: 12pt; font-family: georgia, palatino, serif;\">\u00a0\u00a0<\/span><\/p><\/td><\/tr><\/tbody><\/table><\/div>\n\t\t\t\t<\/div>\n\t\t\t\t\t\t\t<div class=\"elementor-toggle-item\">\n\t\t\t\t\t<div id=\"elementor-tab-title-48713\" class=\"elementor-tab-title\" data-tab=\"13\" role=\"button\" aria-controls=\"elementor-tab-content-48713\" aria-expanded=\"false\">\n\t\t\t\t\t\t\t\t\t\t\t\t<span class=\"elementor-toggle-icon elementor-toggle-icon-left\" aria-hidden=\"true\">\n\t\t\t\t\t\t\t\t\t\t\t\t\t\t\t<span class=\"elementor-toggle-icon-closed\"><i class=\"fas fa-caret-right\"><\/i><\/span>\n\t\t\t\t\t\t\t\t<span class=\"elementor-toggle-icon-opened\"><i class=\"elementor-toggle-icon-opened fas fa-caret-up\"><\/i><\/span>\n\t\t\t\t\t\t\t\t\t\t\t\t\t<\/span>\n\t\t\t\t\t\t\t\t\t\t\t\t<a class=\"elementor-toggle-title\" tabindex=\"0\">Social-Media Image Film<\/a>\n\t\t\t\t\t<\/div>\n\n\t\t\t\t\t<div id=\"elementor-tab-content-48713\" class=\"elementor-tab-content elementor-clearfix\" data-tab=\"13\" role=\"region\" aria-labelledby=\"elementor-tab-title-48713\"><table style=\"border-collapse: collapse; width: 100%; height: 136px;\"><tbody><tr style=\"height: 136px;\"><td style=\"width: 18.7063%; text-align: left; height: 136px;\"><span style=\"font-size: 12pt; font-family: georgia, palatino, serif;\">Herr Witschen<br \/><\/span><\/td><td style=\"width: 31.2937%; text-align: left; height: 136px;\"><p><span style=\"font-size: 12pt; font-family: georgia, palatino, serif;\">\u00a0 Nach Abschprache<\/span><\/p><\/td><td style=\"width: 25%; text-align: left; height: 136px;\"><p><span style=\"font-size: 12pt; font-family: georgia, palatino, serif;\">3107\u00a0 \u00a0 \u00a0 \u00a0 \u00a0 \u00a0 \u00a0 \u00a0 \u00a0<\/span><\/p><\/td><td style=\"width: 25%; text-align: left; height: 136px;\"><p><span style=\"font-size: 12pt; font-family: georgia, palatino, serif;\"><strong>Jahrg\u00e4nge 7-13,<\/strong>\u00a0 \u00a0 \u00a0 \u00a0 \u00a0 \u00a0\u00a0<\/span><\/p><p><span style=\"font-size: 12pt; font-family: georgia, palatino, serif;\">\u00a0\u00a0<\/span><\/p><\/td><\/tr><\/tbody><\/table><\/div>\n\t\t\t\t<\/div>\n\t\t\t\t\t\t\t<div class=\"elementor-toggle-item\">\n\t\t\t\t\t<div id=\"elementor-tab-title-48714\" class=\"elementor-tab-title\" data-tab=\"14\" role=\"button\" aria-controls=\"elementor-tab-content-48714\" aria-expanded=\"false\">\n\t\t\t\t\t\t\t\t\t\t\t\t<span class=\"elementor-toggle-icon elementor-toggle-icon-left\" aria-hidden=\"true\">\n\t\t\t\t\t\t\t\t\t\t\t\t\t\t\t<span class=\"elementor-toggle-icon-closed\"><i class=\"fas fa-caret-right\"><\/i><\/span>\n\t\t\t\t\t\t\t\t<span class=\"elementor-toggle-icon-opened\"><i class=\"elementor-toggle-icon-opened fas fa-caret-up\"><\/i><\/span>\n\t\t\t\t\t\t\t\t\t\t\t\t\t<\/span>\n\t\t\t\t\t\t\t\t\t\t\t\t<a class=\"elementor-toggle-title\" tabindex=\"0\">Social-Media-AG PRINT<\/a>\n\t\t\t\t\t<\/div>\n\n\t\t\t\t\t<div id=\"elementor-tab-content-48714\" class=\"elementor-tab-content elementor-clearfix\" data-tab=\"14\" role=\"region\" aria-labelledby=\"elementor-tab-title-48714\"><table style=\"border-collapse: collapse; width: 100%; height: 139px;\"><tbody><tr style=\"height: 139px;\"><td style=\"width: 18.7063%; text-align: left; height: 139px;\"><span style=\"font-size: 12pt; font-family: georgia, palatino, serif;\">Frau Pautsch<br \/><\/span><\/td><td style=\"width: 31.2937%; text-align: left; height: 139px;\"><p><span style=\"font-size: 12pt; font-family: georgia, palatino, serif;\">\u00a0 Donnerstag 7.\/8. Stunde<\/span><\/p><\/td><td style=\"width: 25.2203%; text-align: left; height: 139px;\"><p><span style=\"font-size: 12pt; font-family: georgia, palatino, serif;\">4117\u00a0 \u00a0 \u00a0 \u00a0 \u00a0 \u00a0 \u00a0 \u00a0 \u00a0\u00a0<\/span><\/p><\/td><td style=\"width: 24.7797%; text-align: left; height: 139px;\"><p><span style=\"font-size: 12pt; font-family: georgia, palatino, serif;\"><strong>Jahrg\u00e4nge 7-13,<\/strong>\u00a0 \u00a0 \u00a0 \u00a0 \u00a0 \u00a0\u00a0<\/span><\/p><p><span style=\"font-size: 12pt; font-family: georgia, palatino, serif;\">\u00a0\u00a0<\/span><\/p><\/td><\/tr><\/tbody><\/table><p>\u00a0<\/p><\/div>\n\t\t\t\t<\/div>\n\t\t\t\t\t\t\t<div class=\"elementor-toggle-item\">\n\t\t\t\t\t<div id=\"elementor-tab-title-48715\" class=\"elementor-tab-title\" data-tab=\"15\" role=\"button\" aria-controls=\"elementor-tab-content-48715\" aria-expanded=\"false\">\n\t\t\t\t\t\t\t\t\t\t\t\t<span class=\"elementor-toggle-icon elementor-toggle-icon-left\" aria-hidden=\"true\">\n\t\t\t\t\t\t\t\t\t\t\t\t\t\t\t<span class=\"elementor-toggle-icon-closed\"><i class=\"fas fa-caret-right\"><\/i><\/span>\n\t\t\t\t\t\t\t\t<span class=\"elementor-toggle-icon-opened\"><i class=\"elementor-toggle-icon-opened fas fa-caret-up\"><\/i><\/span>\n\t\t\t\t\t\t\t\t\t\t\t\t\t<\/span>\n\t\t\t\t\t\t\t\t\t\t\t\t<a class=\"elementor-toggle-title\" tabindex=\"0\">Junior-SV (Sch\u00fclervertretung) <\/a>\n\t\t\t\t\t<\/div>\n\n\t\t\t\t\t<div id=\"elementor-tab-content-48715\" class=\"elementor-tab-content elementor-clearfix\" data-tab=\"15\" role=\"region\" aria-labelledby=\"elementor-tab-title-48715\"><p>\u00a0<\/p><table style=\"border-collapse: collapse; width: 100%; height: 139px;\"><tbody><tr style=\"height: 139px;\"><td style=\"width: 18.7063%; text-align: left; height: 139px;\"><span style=\"font-size: 12pt; font-family: georgia, palatino, serif;\">Frau Damberg, Frau<br \/>Villbrandt<\/span><\/td><td style=\"width: 31.2937%; text-align: left; height: 139px;\"><p><span style=\"font-size: 12pt; font-family: georgia, palatino, serif;\">\u00a0 Treffen nach Absprache mit den<br \/>Teilnehmerinnen und Teilnehmern<\/span><\/p><\/td><td style=\"width: 25.2203%; text-align: left; height: 139px;\"><p><span style=\"font-size: 12pt; font-family: georgia, palatino, serif;\">SV-Kiosk \u00a0 \u00a0 \u00a0 \u00a0 \u00a0 \u00a0 \u00a0 \u00a0 \u00a0\u00a0<\/span><\/p><\/td><td style=\"width: 24.7797%; text-align: left; height: 139px;\"><p><span style=\"font-size: 12pt; font-family: georgia, palatino, serif;\">Jahrg\u00e4nge 6-8 \u00a0 \u00a0 \u00a0 \u00a0 \u00a0 \u00a0\u00a0<\/span><\/p><p><span style=\"font-size: 12pt; font-family: georgia, palatino, serif;\">\u00a0\u00a0<\/span><\/p><\/td><\/tr><\/tbody><\/table><p><span style=\"font-size: 12pt; font-family: georgia, palatino, serif;\">Du willst dich an deiner Schule f\u00fcr die unteren Jahrgangsstufen engagieren und tolle Ideen f\u00fcr deine Mitsch\u00fclerinnen und Mitsch\u00fcler planen und umsetzen? Dann komm zur Junior-SV!<\/span><\/p><\/div>\n\t\t\t\t<\/div>\n\t\t\t\t\t\t\t\t<\/div>\n\t\t\t\t\t\t<\/div>\n\t\t\t\t<\/div>\n\t\t\t\t\t<\/div>\n\t\t<\/div>\n\t\t\t\t<div class=\"elementor-column elementor-col-33 elementor-top-column elementor-element elementor-element-c25fcbf\" data-id=\"c25fcbf\" data-element_type=\"column\" data-e-type=\"column\">\n\t\t\t<div class=\"elementor-widget-wrap elementor-element-populated\">\n\t\t\t\t\t\t<div class=\"elementor-element elementor-element-497df0a elementor-invisible elementor-widget elementor-widget-wp-widget-nav_menu\" data-id=\"497df0a\" data-element_type=\"widget\" data-e-type=\"widget\" data-settings=\"{&quot;_animation&quot;:&quot;fadeInUp&quot;}\" data-widget_type=\"wp-widget-nav_menu.default\">\n\t\t\t\t<div class=\"elementor-widget-container\">\n\t\t\t\t\t<div class=\"menu-untermenue-schulleben-container\"><ul id=\"menu-untermenue-schulleben\" class=\"menu\"><li id=\"menu-item-12330\" class=\"menu-item menu-item-type-post_type menu-item-object-page menu-item-12330\"><a href=\"https:\/\/gymnasium-nordenham.de\/en\/ag-ubersicht-ubersicht\">AG-\u00dcbersicht<\/a><\/li>\n<li id=\"menu-item-11712\" class=\"menu-item menu-item-type-post_type menu-item-object-page menu-item-11712\"><a href=\"https:\/\/gymnasium-nordenham.de\/en\/astronomie\">Astronomie<\/a><\/li>\n<li id=\"menu-item-4251\" class=\"menu-item menu-item-type-post_type menu-item-object-page menu-item-4251\"><a href=\"https:\/\/gymnasium-nordenham.de\/en\/bewegte-pause\">Movement Break<\/a><\/li>\n<li id=\"menu-item-3930\" class=\"menu-item menu-item-type-post_type menu-item-object-page menu-item-3930\"><a href=\"https:\/\/gymnasium-nordenham.de\/en\/blaeserklasse\">Bl\u00e4serklasse<\/a><\/li>\n<li id=\"menu-item-2565\" class=\"menu-item menu-item-type-post_type menu-item-object-page menu-item-2565\"><a href=\"https:\/\/gymnasium-nordenham.de\/en\/erste-hilfe-kurs\">Erste Hilfe Kurs<\/a><\/li>\n<li id=\"menu-item-2586\" class=\"menu-item menu-item-type-post_type menu-item-object-page menu-item-2586\"><a href=\"https:\/\/gymnasium-nordenham.de\/en\/lernen-lernen\">Lernen lernen<\/a><\/li>\n<li id=\"menu-item-4059\" class=\"menu-item menu-item-type-post_type menu-item-object-page menu-item-4059\"><a href=\"https:\/\/gymnasium-nordenham.de\/en\/schueleraustausch\">Student exchange as well.<\/a><\/li>\n<li id=\"menu-item-2709\" class=\"menu-item menu-item-type-post_type menu-item-object-page menu-item-2709\"><a href=\"https:\/\/gymnasium-nordenham.de\/en\/studien-und-berufsinfomesse\">Studien- und Berufsinfomesse<\/a><\/li>\n<li id=\"menu-item-2668\" class=\"menu-item menu-item-type-post_type menu-item-object-page menu-item-2668\"><a href=\"https:\/\/gymnasium-nordenham.de\/en\/patenprojekt\">Patenprojekt<\/a><\/li>\n<\/ul><\/div>\t\t\t\t<\/div>\n\t\t\t\t<\/div>\n\t\t\t\t\t<\/div>\n\t\t<\/div>\n\t\t\t\t\t<\/div>\n\t\t<\/section>\n\t\t\t\t<\/div>","protected":false},"excerpt":{"rendered":"<p>AGs Die aktuelle \u00dcbersicht der Arbeitsgruppen (AGs) finden Sie unten. Weitere Informationen zu den Inhalten und Terminen erhalten Sie, indem Sie auf die jeweiligen Bereiche klicken. Unsere f\u00fcnf Themenbereiche Gesellschaft- licher Bereich Mathematisch-naturwissen-schaftlicher Bereich Musisch-k\u00fcnstlerischer Bereich Sportlicher Bereich F\u00e4cher- \u00fcbergreifend &hellip; <a href=\"https:\/\/gymnasium-nordenham.de\/en\/ag-ubersicht-geselschaftlicher-bereich\">Continue reading <span class=\"meta-nav\">&rarr;<\/span><\/a><\/p>","protected":false},"author":7,"featured_media":0,"parent":0,"menu_order":0,"comment_status":"closed","ping_status":"closed","template":"elementor_header_footer","meta":{"_crdt_document":"","footnotes":""},"class_list":["post-12121","page","type-page","status-publish","hentry"],"yoast_head":"<!-- This site is optimized with the Yoast SEO plugin v27.5 - https:\/\/yoast.com\/product\/yoast-seo-wordpress\/ -->\n<title>AG-\u00dcbersicht Gesellschaftlicher Bereich - Gymnasium Nordenham<\/title>\n<meta name=\"robots\" content=\"index, follow, max-snippet:-1, max-image-preview:large, max-video-preview:-1\" \/>\n<link rel=\"canonical\" href=\"https:\/\/gymnasium-nordenham.de\/en\/ag-ubersicht-geselschaftlicher-bereich\/\" \/>\n<meta property=\"og:locale\" content=\"en_GB\" \/>\n<meta property=\"og:type\" content=\"article\" \/>\n<meta property=\"og:title\" content=\"AG-\u00dcbersicht Gesellschaftlicher Bereich - Gymnasium Nordenham\" \/>\n<meta property=\"og:description\" content=\"AGs Die aktuelle \u00dcbersicht der Arbeitsgruppen (AGs) finden Sie unten. Weitere Informationen zu den Inhalten und Terminen erhalten Sie, indem Sie auf die jeweiligen Bereiche klicken. Unsere f\u00fcnf Themenbereiche Gesellschaft- licher Bereich Mathematisch-naturwissen-schaftlicher Bereich Musisch-k\u00fcnstlerischer Bereich Sportlicher Bereich F\u00e4cher- \u00fcbergreifend &hellip; Continue reading &rarr;\" \/>\n<meta property=\"og:url\" content=\"https:\/\/gymnasium-nordenham.de\/en\/ag-ubersicht-geselschaftlicher-bereich\/\" \/>\n<meta property=\"og:site_name\" content=\"Gymnasium Nordenham\" \/>\n<meta property=\"article:modified_time\" content=\"2026-01-29T13:49:04+00:00\" \/>\n<meta property=\"og:image\" content=\"https:\/\/gymnasium-nordenham.de\/wp-content\/uploads\/elementor\/thumbs\/IMG_20240926_143548-scaled-quodyje73z9tp0foglkjufc2cyl1xfxs36ccx6v5gc.jpg\" \/>\n<meta name=\"twitter:card\" content=\"summary_large_image\" \/>\n<meta name=\"twitter:label1\" content=\"Estimated reading time\" \/>\n\t<meta name=\"twitter:data1\" content=\"7 minutes\" \/>\n<script type=\"application\/ld+json\" class=\"yoast-schema-graph\">{\"@context\":\"https:\\\/\\\/schema.org\",\"@graph\":[{\"@type\":\"WebPage\",\"@id\":\"https:\\\/\\\/gymnasium-nordenham.de\\\/ag-ubersicht-geselschaftlicher-bereich\",\"url\":\"https:\\\/\\\/gymnasium-nordenham.de\\\/ag-ubersicht-geselschaftlicher-bereich\",\"name\":\"AG-\u00dcbersicht Gesellschaftlicher Bereich - Gymnasium Nordenham\",\"isPartOf\":{\"@id\":\"https:\\\/\\\/gymnasium-nordenham.de\\\/#website\"},\"primaryImageOfPage\":{\"@id\":\"https:\\\/\\\/gymnasium-nordenham.de\\\/ag-ubersicht-geselschaftlicher-bereich#primaryimage\"},\"image\":{\"@id\":\"https:\\\/\\\/gymnasium-nordenham.de\\\/ag-ubersicht-geselschaftlicher-bereich#primaryimage\"},\"thumbnailUrl\":\"https:\\\/\\\/gymnasium-nordenham.de\\\/wp-content\\\/uploads\\\/elementor\\\/thumbs\\\/IMG_20240926_143548-scaled-quodyje73z9tp0foglkjufc2cyl1xfxs36ccx6v5gc.jpg\",\"datePublished\":\"2024-10-24T12:59:55+00:00\",\"dateModified\":\"2026-01-29T13:49:04+00:00\",\"breadcrumb\":{\"@id\":\"https:\\\/\\\/gymnasium-nordenham.de\\\/ag-ubersicht-geselschaftlicher-bereich#breadcrumb\"},\"inLanguage\":\"en-GB\",\"potentialAction\":[{\"@type\":\"ReadAction\",\"target\":[\"https:\\\/\\\/gymnasium-nordenham.de\\\/ag-ubersicht-geselschaftlicher-bereich\"]}]},{\"@type\":\"ImageObject\",\"inLanguage\":\"en-GB\",\"@id\":\"https:\\\/\\\/gymnasium-nordenham.de\\\/ag-ubersicht-geselschaftlicher-bereich#primaryimage\",\"url\":\"https:\\\/\\\/gymnasium-nordenham.de\\\/wp-content\\\/uploads\\\/elementor\\\/thumbs\\\/IMG_20240926_143548-scaled-quodyje73z9tp0foglkjufc2cyl1xfxs36ccx6v5gc.jpg\",\"contentUrl\":\"https:\\\/\\\/gymnasium-nordenham.de\\\/wp-content\\\/uploads\\\/elementor\\\/thumbs\\\/IMG_20240926_143548-scaled-quodyje73z9tp0foglkjufc2cyl1xfxs36ccx6v5gc.jpg\"},{\"@type\":\"BreadcrumbList\",\"@id\":\"https:\\\/\\\/gymnasium-nordenham.de\\\/ag-ubersicht-geselschaftlicher-bereich#breadcrumb\",\"itemListElement\":[{\"@type\":\"ListItem\",\"position\":1,\"name\":\"Startseite\",\"item\":\"https:\\\/\\\/gymnasium-nordenham.de\\\/\"},{\"@type\":\"ListItem\",\"position\":2,\"name\":\"AG-\u00dcbersicht Gesellschaftlicher Bereich\"}]},{\"@type\":\"WebSite\",\"@id\":\"https:\\\/\\\/gymnasium-nordenham.de\\\/#website\",\"url\":\"https:\\\/\\\/gymnasium-nordenham.de\\\/\",\"name\":\"Gymnasium Nordenham\",\"description\":\"Miteinander, voneinander und f\u00fcreinander lernen\",\"potentialAction\":[{\"@type\":\"SearchAction\",\"target\":{\"@type\":\"EntryPoint\",\"urlTemplate\":\"https:\\\/\\\/gymnasium-nordenham.de\\\/?s={search_term_string}\"},\"query-input\":{\"@type\":\"PropertyValueSpecification\",\"valueRequired\":true,\"valueName\":\"search_term_string\"}}],\"inLanguage\":\"en-GB\"}]}<\/script>\n<!-- \/ Yoast SEO plugin. -->","yoast_head_json":{"title":"AG-\u00dcbersicht Gesellschaftlicher Bereich - Gymnasium Nordenham","robots":{"index":"index","follow":"follow","max-snippet":"max-snippet:-1","max-image-preview":"max-image-preview:large","max-video-preview":"max-video-preview:-1"},"canonical":"https:\/\/gymnasium-nordenham.de\/en\/ag-ubersicht-geselschaftlicher-bereich\/","og_locale":"en_GB","og_type":"article","og_title":"AG-\u00dcbersicht Gesellschaftlicher Bereich - Gymnasium Nordenham","og_description":"AGs Die aktuelle \u00dcbersicht der Arbeitsgruppen (AGs) finden Sie unten. Weitere Informationen zu den Inhalten und Terminen erhalten Sie, indem Sie auf die jeweiligen Bereiche klicken. Unsere f\u00fcnf Themenbereiche Gesellschaft- licher Bereich Mathematisch-naturwissen-schaftlicher Bereich Musisch-k\u00fcnstlerischer Bereich Sportlicher Bereich F\u00e4cher- \u00fcbergreifend &hellip; Continue reading &rarr;","og_url":"https:\/\/gymnasium-nordenham.de\/en\/ag-ubersicht-geselschaftlicher-bereich\/","og_site_name":"Gymnasium Nordenham","article_modified_time":"2026-01-29T13:49:04+00:00","og_image":[{"url":"https:\/\/gymnasium-nordenham.de\/wp-content\/uploads\/elementor\/thumbs\/IMG_20240926_143548-scaled-quodyje73z9tp0foglkjufc2cyl1xfxs36ccx6v5gc.jpg","type":"","width":"","height":""}],"twitter_card":"summary_large_image","twitter_misc":{"Estimated reading time":"7 minutes"},"schema":{"@context":"https:\/\/schema.org","@graph":[{"@type":"WebPage","@id":"https:\/\/gymnasium-nordenham.de\/ag-ubersicht-geselschaftlicher-bereich","url":"https:\/\/gymnasium-nordenham.de\/ag-ubersicht-geselschaftlicher-bereich","name":"AG-\u00dcbersicht Gesellschaftlicher Bereich - Gymnasium Nordenham","isPartOf":{"@id":"https:\/\/gymnasium-nordenham.de\/#website"},"primaryImageOfPage":{"@id":"https:\/\/gymnasium-nordenham.de\/ag-ubersicht-geselschaftlicher-bereich#primaryimage"},"image":{"@id":"https:\/\/gymnasium-nordenham.de\/ag-ubersicht-geselschaftlicher-bereich#primaryimage"},"thumbnailUrl":"https:\/\/gymnasium-nordenham.de\/wp-content\/uploads\/elementor\/thumbs\/IMG_20240926_143548-scaled-quodyje73z9tp0foglkjufc2cyl1xfxs36ccx6v5gc.jpg","datePublished":"2024-10-24T12:59:55+00:00","dateModified":"2026-01-29T13:49:04+00:00","breadcrumb":{"@id":"https:\/\/gymnasium-nordenham.de\/ag-ubersicht-geselschaftlicher-bereich#breadcrumb"},"inLanguage":"en-GB","potentialAction":[{"@type":"ReadAction","target":["https:\/\/gymnasium-nordenham.de\/ag-ubersicht-geselschaftlicher-bereich"]}]},{"@type":"ImageObject","inLanguage":"en-GB","@id":"https:\/\/gymnasium-nordenham.de\/ag-ubersicht-geselschaftlicher-bereich#primaryimage","url":"https:\/\/gymnasium-nordenham.de\/wp-content\/uploads\/elementor\/thumbs\/IMG_20240926_143548-scaled-quodyje73z9tp0foglkjufc2cyl1xfxs36ccx6v5gc.jpg","contentUrl":"https:\/\/gymnasium-nordenham.de\/wp-content\/uploads\/elementor\/thumbs\/IMG_20240926_143548-scaled-quodyje73z9tp0foglkjufc2cyl1xfxs36ccx6v5gc.jpg"},{"@type":"BreadcrumbList","@id":"https:\/\/gymnasium-nordenham.de\/ag-ubersicht-geselschaftlicher-bereich#breadcrumb","itemListElement":[{"@type":"ListItem","position":1,"name":"Startseite","item":"https:\/\/gymnasium-nordenham.de\/"},{"@type":"ListItem","position":2,"name":"AG-\u00dcbersicht Gesellschaftlicher Bereich"}]},{"@type":"WebSite","@id":"https:\/\/gymnasium-nordenham.de\/#website","url":"https:\/\/gymnasium-nordenham.de\/","name":"Gymnasium Nordenham","description":"Miteinander, voneinander und f\u00fcreinander lernen","potentialAction":[{"@type":"SearchAction","target":{"@type":"EntryPoint","urlTemplate":"https:\/\/gymnasium-nordenham.de\/?s={search_term_string}"},"query-input":{"@type":"PropertyValueSpecification","valueRequired":true,"valueName":"search_term_string"}}],"inLanguage":"en-GB"}]}},"_links":{"self":[{"href":"https:\/\/gymnasium-nordenham.de\/en\/wp-json\/wp\/v2\/pages\/12121","targetHints":{"allow":["GET"]}}],"collection":[{"href":"https:\/\/gymnasium-nordenham.de\/en\/wp-json\/wp\/v2\/pages"}],"about":[{"href":"https:\/\/gymnasium-nordenham.de\/en\/wp-json\/wp\/v2\/types\/page"}],"author":[{"embeddable":true,"href":"https:\/\/gymnasium-nordenham.de\/en\/wp-json\/wp\/v2\/users\/7"}],"replies":[{"embeddable":true,"href":"https:\/\/gymnasium-nordenham.de\/en\/wp-json\/wp\/v2\/comments?post=12121"}],"version-history":[{"count":45,"href":"https:\/\/gymnasium-nordenham.de\/en\/wp-json\/wp\/v2\/pages\/12121\/revisions"}],"predecessor-version":[{"id":14611,"href":"https:\/\/gymnasium-nordenham.de\/en\/wp-json\/wp\/v2\/pages\/12121\/revisions\/14611"}],"wp:attachment":[{"href":"https:\/\/gymnasium-nordenham.de\/en\/wp-json\/wp\/v2\/media?parent=12121"}],"curies":[{"name":"wp","href":"https:\/\/api.w.org\/{rel}","templated":true}]}}